{"id":147,"date":"2019-02-13T21:11:59","date_gmt":"2019-02-13T21:11:59","guid":{"rendered":"https:\/\/resilients.xk-consulting.fr\/?page_id=147"},"modified":"2020-12-05T19:17:25","modified_gmt":"2020-12-05T18:17:25","slug":"prevenir-les-risques","status":"publish","type":"page","link":"https:\/\/ksapa.org\/fr\/mobiliser\/publications\/prevenir-les-risques\/","title":{"rendered":"Pr\u00e9venir les risques"},"content":{"rendered":"\n\n  <div class=\"banner has-hover\" id=\"banner-1859460876\">\n          <div class=\"banner-inner fill\">\n        <div class=\"banner-bg fill\" >\n            <div class=\"bg fill bg-fill \"><\/div>\n                        <div class=\"overlay\"><\/div>            \n                    <\/div>\n        <div class=\"banner-layers container\">\n            <div class=\"fill banner-link\"><\/div>            \n\n   <div id=\"text-box-1832656355\" class=\"text-box banner-layer x50 md-x50 lg-x50 y50 md-y50 lg-y50 res-text\">\n                                <div class=\"text-box-content text dark\">\n              \n              <div class=\"text-inner text-center\">\n                  \n\n<h1 class=\"uppercase\">Pr\u00e9venir les risques<\/h1>\n<p id=\"title\" class=\"a-size-large a-spacing-none\">AFNOR &#8211; Avril 2006<\/p>\n\n              <\/div>\n           <\/div>\n                            \n<style>\n#text-box-1832656355 {\n  width: 90%;\n}\n#text-box-1832656355 .text-box-content {\n  font-size: 100%;\n}\n<\/style>\n    <\/div>\n \n\n        <\/div>\n      <\/div>\n\n            \n<style>\n#banner-1859460876 {\n  padding-top: 350px;\n}\n#banner-1859460876 .bg.bg-loaded {\n  background-image: url(https:\/\/ksapa.org\/fr\/wp-content\/uploads\/sites\/1\/2019\/02\/prevenir-les-risques-1335x800.jpg);\n}\n#banner-1859460876 .overlay {\n  background-color: rgba(0, 0, 0, 0.7);\n}\n#banner-1859460876 .bg {\n  background-position: 67% 31%;\n}\n<\/style>\n  <\/div>\n\n\n<div class=\"row align-middle\"  id=\"row-235589668\">\n\n\n\t<div id=\"col-1083998534\" class=\"col medium-6 small-12 large-6\"  >\n\t\t\t\t<div class=\"col-inner\"  >\n\t\t\t\n\t\t\t\n\n<p>Toutes les entreprises, de la PME \u00e0 la grande structure, sont confront\u00e9es \u00e0 la gestion des risques professionnels. Ce livre est un v\u00e9ritable guide pour les responsables qui veulent : impl\u00e9menter des syst\u00e8mes de pr\u00e9vention souples et efficaces, sensibiliser leurs \u00e9quipes au quotidien aux enjeux vitaux de la s\u00e9curit\u00e9, conna\u00eetre et mettre en oeuvre les exigences r\u00e9glementaires, faire \u00e9voluer les mentalit\u00e9s. Les auteurs ont pris le parti d&rsquo;un style proche du lecteur et de ses pr\u00e9occupations quotidiennes : leur livre est illustr\u00e9 de nombreux exemples et d&rsquo;\u00e9tudes de cas issus de leur exp\u00e9rience. Il propose des outils et des m\u00e9thodes pour pr\u00e9venir et g\u00e9rer les risques. Responsables s\u00e9curit\u00e9, chefs d&rsquo;\u00e9tablissement, managers, \u00e9lus de collectivit\u00e9s locales, directeurs de cabinet, consultants trouveront ainsi dans cet ouvrage cadres et m\u00e9thodes op\u00e9rationnelles pour r\u00e9ussir dans leur d\u00e9marche de s\u00e9curit\u00e9. Au-del\u00e0 du respect de la r\u00e9glementation, ce livre entend provoquer une prise de conscience de tous et encourager la naissance d&rsquo;une v\u00e9ritable culture de la s\u00e9curit\u00e9 et de la responsabilit\u00e9.<\/p>\n<a rel=\"noopener noreferrer\" href=\"https:\/\/www.boutique.afnor.org\/livre\/prevenir-les-risques-agir-en-organisation-responsable\/article\/660271\/fa092060#info\" target=\"_blank\" class=\"button primary is-outline\"  >\n    <span>Commander chez AFNOR<\/span>\n  <\/a>\n\n\n\n\t\t<\/div>\n\t\t\t\t\t<\/div>\n\n\t\n\n\t<div id=\"col-232485020\" class=\"col medium-6 small-12 large-6\"  >\n\t\t\t\t<div class=\"col-inner\"  >\n\t\t\t\n\t\t\t\n\n\t<div class=\"img has-hover x md-x lg-x y md-y lg-y\" id=\"image_972515762\">\n\t\t\t\t\t\t\t\t<div class=\"img-inner dark\" >\n\t\t\t<img decoding=\"async\" width=\"533\" height=\"800\" src=\"https:\/\/ksapa.org\/fr\/wp-content\/uploads\/sites\/1\/2019\/02\/prevenir-les-risques-agir-en-organisation-responsable-livre-farid-baddache-533x800.jpg\" class=\"attachment-large size-large\" alt=\"Pr\u00e9venir les risques, agir en organisation responsable, Farid Baddache et Andr\u00e9e Charles, Afnor\" srcset=\"https:\/\/ksapa.org\/fr\/wp-content\/uploads\/sites\/1\/2019\/02\/prevenir-les-risques-agir-en-organisation-responsable-livre-farid-baddache-533x800.jpg 533w, https:\/\/ksapa.org\/fr\/wp-content\/uploads\/sites\/1\/2019\/02\/prevenir-les-risques-agir-en-organisation-responsable-livre-farid-baddache-266x400.jpg 266w, https:\/\/ksapa.org\/fr\/wp-content\/uploads\/sites\/1\/2019\/02\/prevenir-les-risques-agir-en-organisation-responsable-livre-farid-baddache-600x901.jpg 600w, https:\/\/ksapa.org\/fr\/wp-content\/uploads\/sites\/1\/2019\/02\/prevenir-les-risques-agir-en-organisation-responsable-livre-farid-baddache.jpg 682w\" sizes=\"(max-width: 533px) 100vw, 533px\" \/>\t\t\t\t\t\t\n\t\t\t\t\t<\/div>\n\t\t\t\t\t\t\t\t\n<style>\n#image_972515762 {\n  width: 100%;\n}\n<\/style>\n\t<\/div>\n\t\n\n\n\t\t<\/div>\n\t\t\t\t\t<\/div>\n\n\t\n\n<\/div>\n","protected":false},"excerpt":{"rendered":"","protected":false},"author":1,"featured_media":188,"parent":141,"menu_order":0,"comment_status":"closed","ping_status":"closed","template":"page-blank.php","meta":{"footnotes":""},"class_list":["post-147","page","type-page","status-publish","has-post-thumbnail","hentry"],"yoast_head":"<!-- This site is optimized with the Yoast SEO plugin v27.3 - https:\/\/yoast.com\/product\/yoast-seo-wordpress\/ -->\n<title>Farid Baddache, Pr\u00e9venir les risques, Afnor<\/title>\n<meta name=\"description\" content=\"Toutes les entreprises, de la PME \u00e0 la grande structure, sont confront\u00e9es \u00e0 la gestion des risques professionnels, ce livre en sera leur guide.\" \/>\n<meta name=\"robots\" content=\"index, follow, max-snippet:-1, max-image-preview:large, max-video-preview:-1\" \/>\n<link rel=\"canonical\" href=\"https:\/\/ksapa.org\/fr\/mobiliser\/publications\/prevenir-les-risques\/\" \/>\n<meta property=\"og:locale\" content=\"fr_FR\" \/>\n<meta property=\"og:type\" content=\"article\" \/>\n<meta property=\"og:title\" content=\"Farid Baddache, Pr\u00e9venir les risques, Afnor\" \/>\n<meta property=\"og:description\" content=\"Toutes les entreprises, de la PME \u00e0 la grande structure, sont confront\u00e9es \u00e0 la gestion des risques professionnels, ce livre en sera leur guide.\" \/>\n<meta property=\"og:url\" content=\"https:\/\/ksapa.org\/fr\/mobiliser\/publications\/prevenir-les-risques\/\" \/>\n<meta property=\"og:site_name\" content=\"Ksapa - fr\" \/>\n<meta property=\"article:modified_time\" content=\"2020-12-05T18:17:25+00:00\" \/>\n<meta property=\"og:image\" content=\"https:\/\/ksapa.org\/fr\/wp-content\/uploads\/sites\/1\/2019\/02\/prevenir-les-risques.jpg\" \/>\n\t<meta property=\"og:image:width\" content=\"1781\" \/>\n\t<meta property=\"og:image:height\" content=\"1067\" \/>\n\t<meta property=\"og:image:type\" content=\"image\/jpeg\" \/>\n<meta name=\"twitter:card\" content=\"summary_large_image\" \/>\n<meta name=\"twitter:site\" content=\"@KsapaOrg\" \/>\n<meta name=\"twitter:label1\" content=\"Dur\u00e9e de lecture estim\u00e9e\" \/>\n\t<meta name=\"twitter:data1\" content=\"1 minute\" \/>\n<script type=\"application\/ld+json\" class=\"yoast-schema-graph\">{\"@context\":\"https:\\\/\\\/schema.org\",\"@graph\":[{\"@type\":\"WebPage\",\"@id\":\"https:\\\/\\\/ksapa.org\\\/fr\\\/mobiliser\\\/publications\\\/prevenir-les-risques\\\/\",\"url\":\"https:\\\/\\\/ksapa.org\\\/fr\\\/mobiliser\\\/publications\\\/prevenir-les-risques\\\/\",\"name\":\"Farid Baddache, Pr\u00e9venir les risques, Afnor\",\"isPartOf\":{\"@id\":\"https:\\\/\\\/ksapa.org\\\/fr\\\/#website\"},\"primaryImageOfPage\":{\"@id\":\"https:\\\/\\\/ksapa.org\\\/fr\\\/mobiliser\\\/publications\\\/prevenir-les-risques\\\/#primaryimage\"},\"image\":{\"@id\":\"https:\\\/\\\/ksapa.org\\\/fr\\\/mobiliser\\\/publications\\\/prevenir-les-risques\\\/#primaryimage\"},\"thumbnailUrl\":\"https:\\\/\\\/ksapa.org\\\/fr\\\/wp-content\\\/uploads\\\/sites\\\/1\\\/2019\\\/02\\\/prevenir-les-risques.jpg\",\"datePublished\":\"2019-02-13T21:11:59+00:00\",\"dateModified\":\"2020-12-05T18:17:25+00:00\",\"description\":\"Toutes les entreprises, de la PME \u00e0 la grande structure, sont confront\u00e9es \u00e0 la gestion des risques professionnels, ce livre en sera leur guide.\",\"breadcrumb\":{\"@id\":\"https:\\\/\\\/ksapa.org\\\/fr\\\/mobiliser\\\/publications\\\/prevenir-les-risques\\\/#breadcrumb\"},\"inLanguage\":\"fr-FR\",\"potentialAction\":[{\"@type\":\"ReadAction\",\"target\":[\"https:\\\/\\\/ksapa.org\\\/fr\\\/mobiliser\\\/publications\\\/prevenir-les-risques\\\/\"]}]},{\"@type\":\"ImageObject\",\"inLanguage\":\"fr-FR\",\"@id\":\"https:\\\/\\\/ksapa.org\\\/fr\\\/mobiliser\\\/publications\\\/prevenir-les-risques\\\/#primaryimage\",\"url\":\"https:\\\/\\\/ksapa.org\\\/fr\\\/wp-content\\\/uploads\\\/sites\\\/1\\\/2019\\\/02\\\/prevenir-les-risques.jpg\",\"contentUrl\":\"https:\\\/\\\/ksapa.org\\\/fr\\\/wp-content\\\/uploads\\\/sites\\\/1\\\/2019\\\/02\\\/prevenir-les-risques.jpg\",\"width\":1781,\"height\":1067,\"caption\":\"Pr\u00e9venir les risques. Agir en organisation responsable | Ksapa\"},{\"@type\":\"BreadcrumbList\",\"@id\":\"https:\\\/\\\/ksapa.org\\\/fr\\\/mobiliser\\\/publications\\\/prevenir-les-risques\\\/#breadcrumb\",\"itemListElement\":[{\"@type\":\"ListItem\",\"position\":1,\"name\":\"Home\",\"item\":\"https:\\\/\\\/ksapa.org\\\/fr\\\/\"},{\"@type\":\"ListItem\",\"position\":2,\"name\":\"Mobiliser\",\"item\":\"https:\\\/\\\/ksapa.org\\\/fr\\\/mobiliser\\\/\"},{\"@type\":\"ListItem\",\"position\":3,\"name\":\"Publications\",\"item\":\"https:\\\/\\\/ksapa.org\\\/fr\\\/mobiliser\\\/publications\\\/\"},{\"@type\":\"ListItem\",\"position\":4,\"name\":\"Pr\u00e9venir les risques\"}]},{\"@type\":\"WebSite\",\"@id\":\"https:\\\/\\\/ksapa.org\\\/fr\\\/#website\",\"url\":\"https:\\\/\\\/ksapa.org\\\/fr\\\/\",\"name\":\"Ksapa - fr\",\"description\":\"\",\"publisher\":{\"@id\":\"https:\\\/\\\/ksapa.org\\\/fr\\\/#organization\"},\"potentialAction\":[{\"@type\":\"SearchAction\",\"target\":{\"@type\":\"EntryPoint\",\"urlTemplate\":\"https:\\\/\\\/ksapa.org\\\/fr\\\/?s={search_term_string}\"},\"query-input\":{\"@type\":\"PropertyValueSpecification\",\"valueRequired\":true,\"valueName\":\"search_term_string\"}}],\"inLanguage\":\"fr-FR\"},{\"@type\":\"Organization\",\"@id\":\"https:\\\/\\\/ksapa.org\\\/fr\\\/#organization\",\"name\":\"ksapa\",\"url\":\"https:\\\/\\\/ksapa.org\\\/fr\\\/\",\"logo\":{\"@type\":\"ImageObject\",\"inLanguage\":\"fr-FR\",\"@id\":\"https:\\\/\\\/ksapa.org\\\/fr\\\/#\\\/schema\\\/logo\\\/image\\\/\",\"url\":\"https:\\\/\\\/ksapa.org\\\/fr\\\/wp-content\\\/uploads\\\/sites\\\/1\\\/2019\\\/06\\\/icone-ksapa.jpg\",\"contentUrl\":\"https:\\\/\\\/ksapa.org\\\/fr\\\/wp-content\\\/uploads\\\/sites\\\/1\\\/2019\\\/06\\\/icone-ksapa.jpg\",\"width\":\"442\",\"height\":\"421\",\"caption\":\"ksapa\"},\"image\":{\"@id\":\"https:\\\/\\\/ksapa.org\\\/fr\\\/#\\\/schema\\\/logo\\\/image\\\/\"},\"sameAs\":[\"https:\\\/\\\/x.com\\\/KsapaOrg\"]}]}<\/script>\n<!-- \/ Yoast SEO plugin. -->","yoast_head_json":{"title":"Farid Baddache, Pr\u00e9venir les risques, Afnor","description":"Toutes les entreprises, de la PME \u00e0 la grande structure, sont confront\u00e9es \u00e0 la gestion des risques professionnels, ce livre en sera leur guide.","robots":{"index":"index","follow":"follow","max-snippet":"max-snippet:-1","max-image-preview":"max-image-preview:large","max-video-preview":"max-video-preview:-1"},"canonical":"https:\/\/ksapa.org\/fr\/mobiliser\/publications\/prevenir-les-risques\/","og_locale":"fr_FR","og_type":"article","og_title":"Farid Baddache, Pr\u00e9venir les risques, Afnor","og_description":"Toutes les entreprises, de la PME \u00e0 la grande structure, sont confront\u00e9es \u00e0 la gestion des risques professionnels, ce livre en sera leur guide.","og_url":"https:\/\/ksapa.org\/fr\/mobiliser\/publications\/prevenir-les-risques\/","og_site_name":"Ksapa - fr","article_modified_time":"2020-12-05T18:17:25+00:00","og_image":[{"width":1781,"height":1067,"url":"https:\/\/ksapa.org\/fr\/wp-content\/uploads\/sites\/1\/2019\/02\/prevenir-les-risques.jpg","type":"image\/jpeg"}],"twitter_card":"summary_large_image","twitter_site":"@KsapaOrg","twitter_misc":{"Dur\u00e9e de lecture estim\u00e9e":"1 minute"},"schema":{"@context":"https:\/\/schema.org","@graph":[{"@type":"WebPage","@id":"https:\/\/ksapa.org\/fr\/mobiliser\/publications\/prevenir-les-risques\/","url":"https:\/\/ksapa.org\/fr\/mobiliser\/publications\/prevenir-les-risques\/","name":"Farid Baddache, Pr\u00e9venir les risques, Afnor","isPartOf":{"@id":"https:\/\/ksapa.org\/fr\/#website"},"primaryImageOfPage":{"@id":"https:\/\/ksapa.org\/fr\/mobiliser\/publications\/prevenir-les-risques\/#primaryimage"},"image":{"@id":"https:\/\/ksapa.org\/fr\/mobiliser\/publications\/prevenir-les-risques\/#primaryimage"},"thumbnailUrl":"https:\/\/ksapa.org\/fr\/wp-content\/uploads\/sites\/1\/2019\/02\/prevenir-les-risques.jpg","datePublished":"2019-02-13T21:11:59+00:00","dateModified":"2020-12-05T18:17:25+00:00","description":"Toutes les entreprises, de la PME \u00e0 la grande structure, sont confront\u00e9es \u00e0 la gestion des risques professionnels, ce livre en sera leur guide.","breadcrumb":{"@id":"https:\/\/ksapa.org\/fr\/mobiliser\/publications\/prevenir-les-risques\/#breadcrumb"},"inLanguage":"fr-FR","potentialAction":[{"@type":"ReadAction","target":["https:\/\/ksapa.org\/fr\/mobiliser\/publications\/prevenir-les-risques\/"]}]},{"@type":"ImageObject","inLanguage":"fr-FR","@id":"https:\/\/ksapa.org\/fr\/mobiliser\/publications\/prevenir-les-risques\/#primaryimage","url":"https:\/\/ksapa.org\/fr\/wp-content\/uploads\/sites\/1\/2019\/02\/prevenir-les-risques.jpg","contentUrl":"https:\/\/ksapa.org\/fr\/wp-content\/uploads\/sites\/1\/2019\/02\/prevenir-les-risques.jpg","width":1781,"height":1067,"caption":"Pr\u00e9venir les risques. Agir en organisation responsable | Ksapa"},{"@type":"BreadcrumbList","@id":"https:\/\/ksapa.org\/fr\/mobiliser\/publications\/prevenir-les-risques\/#breadcrumb","itemListElement":[{"@type":"ListItem","position":1,"name":"Home","item":"https:\/\/ksapa.org\/fr\/"},{"@type":"ListItem","position":2,"name":"Mobiliser","item":"https:\/\/ksapa.org\/fr\/mobiliser\/"},{"@type":"ListItem","position":3,"name":"Publications","item":"https:\/\/ksapa.org\/fr\/mobiliser\/publications\/"},{"@type":"ListItem","position":4,"name":"Pr\u00e9venir les risques"}]},{"@type":"WebSite","@id":"https:\/\/ksapa.org\/fr\/#website","url":"https:\/\/ksapa.org\/fr\/","name":"Ksapa - fr","description":"","publisher":{"@id":"https:\/\/ksapa.org\/fr\/#organization"},"potentialAction":[{"@type":"SearchAction","target":{"@type":"EntryPoint","urlTemplate":"https:\/\/ksapa.org\/fr\/?s={search_term_string}"},"query-input":{"@type":"PropertyValueSpecification","valueRequired":true,"valueName":"search_term_string"}}],"inLanguage":"fr-FR"},{"@type":"Organization","@id":"https:\/\/ksapa.org\/fr\/#organization","name":"ksapa","url":"https:\/\/ksapa.org\/fr\/","logo":{"@type":"ImageObject","inLanguage":"fr-FR","@id":"https:\/\/ksapa.org\/fr\/#\/schema\/logo\/image\/","url":"https:\/\/ksapa.org\/fr\/wp-content\/uploads\/sites\/1\/2019\/06\/icone-ksapa.jpg","contentUrl":"https:\/\/ksapa.org\/fr\/wp-content\/uploads\/sites\/1\/2019\/06\/icone-ksapa.jpg","width":"442","height":"421","caption":"ksapa"},"image":{"@id":"https:\/\/ksapa.org\/fr\/#\/schema\/logo\/image\/"},"sameAs":["https:\/\/x.com\/KsapaOrg"]}]}},"_links":{"self":[{"href":"https:\/\/ksapa.org\/fr\/wp-json\/wp\/v2\/pages\/147","targetHints":{"allow":["GET"]}}],"collection":[{"href":"https:\/\/ksapa.org\/fr\/wp-json\/wp\/v2\/pages"}],"about":[{"href":"https:\/\/ksapa.org\/fr\/wp-json\/wp\/v2\/types\/page"}],"author":[{"embeddable":true,"href":"https:\/\/ksapa.org\/fr\/wp-json\/wp\/v2\/users\/1"}],"replies":[{"embeddable":true,"href":"https:\/\/ksapa.org\/fr\/wp-json\/wp\/v2\/comments?post=147"}],"version-history":[{"count":1,"href":"https:\/\/ksapa.org\/fr\/wp-json\/wp\/v2\/pages\/147\/revisions"}],"predecessor-version":[{"id":2459,"href":"https:\/\/ksapa.org\/fr\/wp-json\/wp\/v2\/pages\/147\/revisions\/2459"}],"up":[{"embeddable":true,"href":"https:\/\/ksapa.org\/fr\/wp-json\/wp\/v2\/pages\/141"}],"wp:featuredmedia":[{"embeddable":true,"href":"https:\/\/ksapa.org\/fr\/wp-json\/wp\/v2\/media\/188"}],"wp:attachment":[{"href":"https:\/\/ksapa.org\/fr\/wp-json\/wp\/v2\/media?parent=147"}],"curies":[{"name":"wp","href":"https:\/\/api.w.org\/{rel}","templated":true}]}}